{"id":17114,"date":"2025-02-23T00:50:19","date_gmt":"2025-02-23T03:50:19","guid":{"rendered":"https:\/\/www.claudiarudge.com\/texto\/grandeur-depeint-des-arbres-melant-photographie-et-dessin\/"},"modified":"2026-02-17T14:32:13","modified_gmt":"2026-02-17T17:32:13","slug":"grandeur-depeint-des-arbres-melant-photographie-et-dessin","status":"publish","type":"texto","link":"https:\/\/www.claudiarudge.com\/fr\/texto\/grandeur-depeint-des-arbres-melant-photographie-et-dessin\/","title":{"rendered":"\u00ab\u00a0grandeur\u00a0\u00bb d\u00e9peint des arbres m\u00ealant photographie et dessin"},"content":{"rendered":"\t\t<div data-elementor-type=\"wp-post\" data-elementor-id=\"17114\" class=\"elementor elementor-17114 elementor-15507\" data-elementor-post-type=\"texto\">\n\t\t\t\t<div class=\"elementor-element elementor-element-a67cc9c e-flex e-con-boxed e-con e-parent\" data-id=\"a67cc9c\" data-element_type=\"container\" data-e-type=\"container\">\n\t\t\t\t\t<div class=\"e-con-inner\">\n\t\t\t\t<div class=\"elementor-element elementor-element-13774d3 elementor-widget elementor-widget-text-editor\" data-id=\"13774d3\" data-element_type=\"widget\" data-e-type=\"widget\" data-widget_type=\"text-editor.default\">\n\t\t\t\t\t\t\t\t\t<p><i><span style=\"font-weight: 400;\">grandeur, <\/span><\/i><span style=\"font-weight: 400;\">travail en s\u00e9rie en cours depuis 2021<\/span><\/p>\t\t\t\t\t\t\t\t<\/div>\n\t\t\t\t\t<\/div>\n\t\t\t\t<\/div>\n\t\t<div class=\"elementor-element elementor-element-b3828f6 e-flex e-con-boxed e-con e-parent\" data-id=\"b3828f6\" data-element_type=\"container\" data-e-type=\"container\">\n\t\t\t\t\t<div class=\"e-con-inner\">\n\t\t\t\t<div class=\"elementor-element elementor-element-6803f39 elementor-widget elementor-widget-text-editor\" data-id=\"6803f39\" data-element_type=\"widget\" data-e-type=\"widget\" data-widget_type=\"text-editor.default\">\n\t\t\t\t\t\t\t\t\t<p style=\"text-align: right;\">\u00ab Si Mondrian est pass\u00e9 de l&rsquo;arbre au carr\u00e9, il n&rsquo;a su <br \/>profiter que d&rsquo;une des possibilit\u00e9s infinies de l&rsquo;arbre. <br \/>Alors revoyons le carr\u00e9 pour retrouver l\u2019arbre. \u00bb<br \/>Frans Krajcberg<\/p>\t\t\t\t\t\t\t\t<\/div>\n\t\t\t\t\t<\/div>\n\t\t\t\t<\/div>\n\t\t<div class=\"elementor-element elementor-element-6b64c46 e-flex e-con-boxed e-con e-parent\" data-id=\"6b64c46\" data-element_type=\"container\" data-e-type=\"container\">\n\t\t\t\t\t<div class=\"e-con-inner\">\n\t\t\t\t<div class=\"elementor-element elementor-element-b1bdc56 elementor-widget elementor-widget-text-editor\" data-id=\"b1bdc56\" data-element_type=\"widget\" data-e-type=\"widget\" data-widget_type=\"text-editor.default\">\n\t\t\t\t\t\t\t\t\t<p><i><span style=\"font-weight: 400;\">\u00ab Dans GRANDEUR, je portraiture des arbres en articulant dessin et photographie. La<\/span><\/i><\/p><p><i><span style=\"font-weight: 400;\"> juxtaposition de ces deux m\u00e9diums ne vise pas seulement l\u2019addition formelle des techniques,<\/span><\/i><\/p><p><i><span style=\"font-weight: 400;\"> mais la cr\u00e9ation d\u2019un territoire hybride, o\u00f9 les limites entre le trait et l\u2019empreinte<\/span><\/i><\/p><p><i><span style=\"font-weight: 400;\"> photographique deviennent t\u00e9nues. Ce croisement favorise la d\u00e9construction des conventions propres \u00e0 chaque langage, permettant l\u2019\u00e9mergence de nouvelles formes de <\/span><\/i><\/p><p><i><span style=\"font-weight: 400;\">perception, d\u2019inscription et de pr\u00e9sence de l\u2019image.\u00a0<\/span><\/i><\/p><p><i><span style=\"font-weight: 400;\">Ces portraits sont \u00e0 la fois indiciels et iconiques, cessant d\u2019\u00eatre reproductibles.<\/span><\/i><\/p><p><i><span style=\"font-weight: 400;\">Ici, la photographie en noir et blanc est agrandie au-del\u00e0 de ses limites afin d\u2019atteindre<\/span><\/i><\/p><p><i><span style=\"font-weight: 400;\"> l\u2019\u00e9chelle de chaque arbre. \u00c0 cette large vision d\u2019ensemble r\u00e9v\u00e9l\u00e9e par la photographie,<\/span><\/i><\/p><p><i><span style=\"font-weight: 400;\"> j\u2019ajoute la vision du d\u00e9tail, r\u00e9alis\u00e9e par la pr\u00e9cision du dessin au fusain, qui d\u00e9peint<\/span><\/i><\/p><p><i><span style=\"font-weight: 400;\"> fid\u00e8lement certains aspects de l\u2019arbre, comme un visage.\u00a0<\/span><\/i><\/p><p><i><span style=\"font-weight: 400;\">Photographie et dessin cherchent \u00e0 cr\u00e9er une image \u00e0 la dimension de chaque arbre.<\/span><\/i><\/p><p><i><span style=\"font-weight: 400;\">Ce travail se d\u00e9ploie en modules : la photographie agrandie est divis\u00e9e et imprim\u00e9e en <\/span><\/i><\/p><p><i><span style=\"font-weight: 400;\">parties. Leur taille est d\u00e9termin\u00e9e en fonction de chaque arbre portraitur\u00e9. Les dessins sont <\/span><\/i><\/p><p><i><span style=\"font-weight: 400;\">\u00e9galement r\u00e9alis\u00e9s par fragments, chacun correspondant au format de la partie <\/span><\/i><\/p><p><i><span style=\"font-weight: 400;\">photographique associ\u00e9e. Le r\u00e9sultat final na\u00eet de la r\u00e9union de toutes les parties<\/span><\/i><\/p><p><i><span style=\"font-weight: 400;\"> photographiques et dessin\u00e9es.<\/span><\/i><\/p><p><i><span style=\"font-weight: 400;\">L\u2019usage de modules juxtapos\u00e9s est une strat\u00e9gie po\u00e9tique :<\/span><\/i><\/p><p><i><span style=\"font-weight: 400;\">\u00a0chaque panneau est un fragment d\u2019une image plus vaste qui, parfois,<\/span><\/i><\/p><p><i><span style=\"font-weight: 400;\">\u00a0demeure inachev\u00e9e ou impossible \u00e0 appr\u00e9hender dans sa totalit\u00e9.\u00a0<\/span><\/i><\/p><p><i><span style=\"font-weight: 400;\">Cette approche cr\u00e9e une exp\u00e9rience non s\u00e9quentielle, exigeant le d\u00e9placement physique <\/span><\/i><\/p><p><i><span style=\"font-weight: 400;\">du spectateur et favorisant une lecture incarn\u00e9e et non centralis\u00e9e de l\u2019\u0153uvre.<\/span><\/i><\/p><p><i><span style=\"font-weight: 400;\">Dans GRANDEUR, je travaille avec le papier et le charbon, fragments d\u2019arbres calcin\u00e9s.\u00a0<\/span><\/i><\/p><p>\u00a0<\/p><p><i><span style=\"font-weight: 400;\">\u00a0\u00a0\u2026 en dessinant, le fusain se souvient qu\u2019il est arbre et qu\u2019il peut r\u00e9v\u00e9ler son essence. \u00bb<\/span><\/i><\/p>\t\t\t\t\t\t\t\t<\/div>\n\t\t\t\t<div class=\"elementor-element elementor-element-c6ac956 elementor-align-center elementor-widget elementor-widget-button\" data-id=\"c6ac956\" data-element_type=\"widget\" data-e-type=\"widget\" data-widget_type=\"button.default\">\n\t\t\t\t\t\t\t\t\t\t<a class=\"elementor-button elementor-button-link elementor-size-sm\" href=\"https:\/\/www.claudiarudge.com\/fr\/trabalho\/grandeur\/\" target=\"_blank\">\n\t\t\t\t\t\t<span class=\"elementor-button-content-wrapper\">\n\t\t\t\t\t\t\t\t\t<span class=\"elementor-button-text\">visuelles<\/span>\n\t\t\t\t\t<\/span>\n\t\t\t\t\t<\/a>\n\t\t\t\t\t\t\t\t<\/div>\n\t\t\t\t\t<\/div>\n\t\t\t\t<\/div>\n\t\t\t\t<\/div>\n\t\t","protected":false},"excerpt":{"rendered":"<p>grandeur, travail en s\u00e9rie en cours depuis 2021 \u00ab Si Mondrian est pass\u00e9 de l&rsquo;arbre au carr\u00e9, il n&rsquo;a su profiter que d&rsquo;une des possibilit\u00e9s infinies de l&rsquo;arbre. Alors revoyons le carr\u00e9 pour retrouver l\u2019arbre. \u00bbFrans Krajcberg \u00ab Dans GRANDEUR, je portraiture des arbres en articulant dessin et photographie. La juxtaposition de ces deux m\u00e9diums [&hellip;]<\/p>\n","protected":false},"menu_order":0,"comment_status":"closed","ping_status":"closed","template":"","format":"standard","meta":{"_acf_changed":false,"footnotes":""},"categories":[],"tags":[111],"class_list":["post-17114","texto","type-texto","status-publish","format-standard","hentry","tag-texte"],"acf":[],"_links":{"self":[{"href":"https:\/\/www.claudiarudge.com\/fr\/wp-json\/wp\/v2\/texto\/17114","targetHints":{"allow":["GET"]}}],"collection":[{"href":"https:\/\/www.claudiarudge.com\/fr\/wp-json\/wp\/v2\/texto"}],"about":[{"href":"https:\/\/www.claudiarudge.com\/fr\/wp-json\/wp\/v2\/types\/texto"}],"replies":[{"embeddable":true,"href":"https:\/\/www.claudiarudge.com\/fr\/wp-json\/wp\/v2\/comments?post=17114"}],"version-history":[{"count":39,"href":"https:\/\/www.claudiarudge.com\/fr\/wp-json\/wp\/v2\/texto\/17114\/revisions"}],"predecessor-version":[{"id":20081,"href":"https:\/\/www.claudiarudge.com\/fr\/wp-json\/wp\/v2\/texto\/17114\/revisions\/20081"}],"wp:attachment":[{"href":"https:\/\/www.claudiarudge.com\/fr\/wp-json\/wp\/v2\/media?parent=17114"}],"wp:term":[{"taxonomy":"category","embeddable":true,"href":"https:\/\/www.claudiarudge.com\/fr\/wp-json\/wp\/v2\/categories?post=17114"},{"taxonomy":"post_tag","embeddable":true,"href":"https:\/\/www.claudiarudge.com\/fr\/wp-json\/wp\/v2\/tags?post=17114"}],"curies":[{"name":"wp","href":"https:\/\/api.w.org\/{rel}","templated":true}]}}