{"id":17112,"date":"2025-02-22T22:38:50","date_gmt":"2025-02-23T01:38:50","guid":{"rendered":"https:\/\/www.claudiarudge.com\/texto\/nous-est-une-reflexion-sur-nos-relations-dans-lespace-urbain\/"},"modified":"2025-06-24T12:00:33","modified_gmt":"2025-06-24T15:00:33","slug":"nous-est-une-reflexion-sur-nos-relations-dans-lespace-urbain","status":"publish","type":"texto","link":"https:\/\/www.claudiarudge.com\/fr\/texto\/nous-est-une-reflexion-sur-nos-relations-dans-lespace-urbain\/","title":{"rendered":"\u00ab\u00a0nous\u00a0\u00bb"},"content":{"rendered":"\t\t<div data-elementor-type=\"wp-post\" data-elementor-id=\"17112\" class=\"elementor elementor-17112 elementor-15462\" data-elementor-post-type=\"texto\">\n\t\t\t\t<div class=\"elementor-element elementor-element-6b64c46 e-flex e-con-boxed e-con e-parent\" data-id=\"6b64c46\" data-element_type=\"container\" data-e-type=\"container\">\n\t\t\t\t\t<div class=\"e-con-inner\">\n\t\t\t\t<div class=\"elementor-element elementor-element-fcff10a elementor-widget elementor-widget-text-editor\" data-id=\"fcff10a\" data-element_type=\"widget\" data-e-type=\"widget\" data-widget_type=\"text-editor.default\">\n\t\t\t\t\t\t\t\t\t<p><em>nous<\/em> , 2014<\/p><p>photographie<br \/>s\u00e9rie compos\u00e9e de 23 images<br \/>tirage fine arts, jet encre pigmentaire sur papier coton <br \/>dimensions \u00e9gales ou sup\u00e9rieures \u00e0 140 x 210 cm<\/p>\t\t\t\t\t\t\t\t<\/div>\n\t\t\t\t<div class=\"elementor-element elementor-element-b1bdc56 elementor-widget elementor-widget-text-editor\" data-id=\"b1bdc56\" data-element_type=\"widget\" data-e-type=\"widget\" data-widget_type=\"text-editor.default\">\n\t\t\t\t\t\t\t\t\t<p><i><span style=\"font-weight: 400;\">\u00ab \u2018nous\u2019 est une r\u00e9flexion sur nos relations dans l\u2019espace urbain,<\/span><\/i><\/p><p><i><span style=\"font-weight: 400;\">sur l&rsquo;identit\u00e9 et l&rsquo;alt\u00e9rit\u00e9.<\/span><\/i><\/p><p><i><span style=\"font-weight: 400;\">La soci\u00e9t\u00e9 urbaine n&rsquo;existe que comme relation.\u00a0<\/span><\/i><\/p><p><i><span style=\"font-weight: 400;\">Dans le d\u00e9sordre urbain apparent,<\/span><\/i><\/p><p><i><span style=\"font-weight: 400;\">\u00a0il y a un ordre merveilleux qui donne vie aux rues de la ville.\u00a0<\/span><\/i><\/p><p><i><span style=\"font-weight: 400;\">Un ordre complexe qui entra\u00eene une succession constante de mouvement et regards qui<\/span><\/i><\/p><p><i><span style=\"font-weight: 400;\"> transforme \u2018l&rsquo;individu\u2019 en \u2018collectif\u2019 ; le \u2018je\u2019 dans \u2018nous\u2019.\u00a0<\/span><\/i><\/p><p><i><span style=\"font-weight: 400;\">Le \u2018nous\u2019 est la somme du \u2018je\u2019 et du \u2018tu\u2019\u00a0;<\/span><\/i><\/p><p><i><span style=\"font-weight: 400;\">\u00a0c&rsquo;est le bin\u00f4me, une paire organique.\u00a0<\/span><\/i><\/p><p><i><span style=\"font-weight: 400;\">Ce travail traite de l&rsquo;impossibilit\u00e9 de parler de soi sans montrer l&rsquo;autre.<\/span><\/i><\/p><p>\u00a0<\/p><p><i><span style=\"font-weight: 400;\">\u2018nous\u2019 cherche \u00e9galement \u00e0 r\u00e9v\u00e9ler le malaise r\u00e9sultant de la transformation de la ville et des <\/span><\/i><\/p><p><i><span style=\"font-weight: 400;\">vies, provoqu\u00e9e par une r\u00e9novation urbaine\u00a0<\/span><\/i><\/p><p><i><span style=\"font-weight: 400;\">qui efface les espaces physiques et \u00e9motionnels.\u00a0<\/span><\/i><\/p><p><i><span style=\"font-weight: 400;\">Dans le nouvel agencement des espaces publics,\u00a0<\/span><\/i><\/p><p><i><span style=\"font-weight: 400;\">le sol n\u2019est que la base pour plusieurs niveaux construits.\u00a0<\/span><\/i><\/p><p><i><span style=\"font-weight: 400;\">Les espaces sont interchangeables mais impersonnels.\u00a0<\/span><\/i><\/p><p><i><span style=\"font-weight: 400;\">Vid\u00e9s d&rsquo;une m\u00e9moire collective, l&rsquo;homme ne s&rsquo;approprie pas de ces espaces ;\u00a0<\/span><\/i><\/p><p><i><span style=\"font-weight: 400;\">plut\u00f4t que des relations humaines,\u00a0<\/span><\/i><\/p><p><i><span style=\"font-weight: 400;\">il n\u2019y entretient que des relations de consommation.\u00a0<\/span><\/i><span style=\"font-weight: 400;\">\u00bb<\/span><\/p>\t\t\t\t\t\t\t\t<\/div>\n\t\t\t\t<div class=\"elementor-element elementor-element-c6ac956 elementor-align-center elementor-widget elementor-widget-button\" data-id=\"c6ac956\" data-element_type=\"widget\" data-e-type=\"widget\" data-widget_type=\"button.default\">\n\t\t\t\t\t\t\t\t\t\t<a class=\"elementor-button elementor-button-link elementor-size-sm\" href=\"https:\/\/www.claudiarudge.com\/fr\/trabalho\/nous\/\" target=\"_blank\">\n\t\t\t\t\t\t<span class=\"elementor-button-content-wrapper\">\n\t\t\t\t\t\t\t\t\t<span class=\"elementor-button-text\">visuelles<\/span>\n\t\t\t\t\t<\/span>\n\t\t\t\t\t<\/a>\n\t\t\t\t\t\t\t\t<\/div>\n\t\t\t\t\t<\/div>\n\t\t\t\t<\/div>\n\t\t\t\t<\/div>\n\t\t","protected":false},"excerpt":{"rendered":"<p>nous , 2014 photographies\u00e9rie compos\u00e9e de 23 imagestirage fine arts, jet encre pigmentaire sur papier coton dimensions \u00e9gales ou sup\u00e9rieures \u00e0 140 x 210 cm \u00ab \u2018nous\u2019 est une r\u00e9flexion sur nos relations dans l\u2019espace urbain, sur l&rsquo;identit\u00e9 et l&rsquo;alt\u00e9rit\u00e9. La soci\u00e9t\u00e9 urbaine n&rsquo;existe que comme relation.\u00a0 Dans le d\u00e9sordre urbain apparent, \u00a0il y a [&hellip;]<\/p>\n","protected":false},"menu_order":2,"comment_status":"closed","ping_status":"closed","template":"","format":"standard","meta":{"_acf_changed":false,"footnotes":""},"categories":[],"tags":[111],"class_list":["post-17112","texto","type-texto","status-publish","format-standard","hentry","tag-texte"],"acf":[],"_links":{"self":[{"href":"https:\/\/www.claudiarudge.com\/fr\/wp-json\/wp\/v2\/texto\/17112","targetHints":{"allow":["GET"]}}],"collection":[{"href":"https:\/\/www.claudiarudge.com\/fr\/wp-json\/wp\/v2\/texto"}],"about":[{"href":"https:\/\/www.claudiarudge.com\/fr\/wp-json\/wp\/v2\/types\/texto"}],"replies":[{"embeddable":true,"href":"https:\/\/www.claudiarudge.com\/fr\/wp-json\/wp\/v2\/comments?post=17112"}],"version-history":[{"count":32,"href":"https:\/\/www.claudiarudge.com\/fr\/wp-json\/wp\/v2\/texto\/17112\/revisions"}],"predecessor-version":[{"id":19515,"href":"https:\/\/www.claudiarudge.com\/fr\/wp-json\/wp\/v2\/texto\/17112\/revisions\/19515"}],"wp:attachment":[{"href":"https:\/\/www.claudiarudge.com\/fr\/wp-json\/wp\/v2\/media?parent=17112"}],"wp:term":[{"taxonomy":"category","embeddable":true,"href":"https:\/\/www.claudiarudge.com\/fr\/wp-json\/wp\/v2\/categories?post=17112"},{"taxonomy":"post_tag","embeddable":true,"href":"https:\/\/www.claudiarudge.com\/fr\/wp-json\/wp\/v2\/tags?post=17112"}],"curies":[{"name":"wp","href":"https:\/\/api.w.org\/{rel}","templated":true}]}}