{"id":17110,"date":"2025-02-22T22:31:04","date_gmt":"2025-02-23T01:31:04","guid":{"rendered":"https:\/\/www.claudiarudge.com\/texto\/paire-la-rencontre-de-deux-choses-qui-vont-necessairement-ensemble\/"},"modified":"2025-06-16T18:40:42","modified_gmt":"2025-06-16T21:40:42","slug":"paire-la-rencontre-de-deux-choses-qui-vont-necessairement-ensemble","status":"publish","type":"texto","link":"https:\/\/www.claudiarudge.com\/fr\/texto\/paire-la-rencontre-de-deux-choses-qui-vont-necessairement-ensemble\/","title":{"rendered":"\u00ab\u00a0paire\u00a0\u00bb la rencontre de deux choses qui vont n\u00e9cessairement ensemble."},"content":{"rendered":"\t\t<div data-elementor-type=\"wp-post\" data-elementor-id=\"17110\" class=\"elementor elementor-17110 elementor-15454\" data-elementor-post-type=\"texto\">\n\t\t\t\t<div class=\"elementor-element elementor-element-0316c76 e-flex e-con-boxed e-con e-parent\" data-id=\"0316c76\" data-element_type=\"container\" data-e-type=\"container\">\n\t\t\t\t\t<div class=\"e-con-inner\">\n\t\t\t\t<div class=\"elementor-element elementor-element-2be8097 elementor-widget elementor-widget-text-editor\" data-id=\"2be8097\" data-element_type=\"widget\" data-e-type=\"widget\" data-widget_type=\"text-editor.default\">\n\t\t\t\t\t\t\t\t\t<p><em>paire,<\/em>\u00a02013<\/p><p>photographie s\u00e9rie compos\u00e9e de 21 images <br \/>tirage fine arts jet encre pigmentaire sur papier coton <br \/>dimensions \u00e9gales ou sup\u00e9rieur \u00e0 140 x 210 cm<\/p>\t\t\t\t\t\t\t\t<\/div>\n\t\t\t\t<div class=\"elementor-element elementor-element-5dcb14e elementor-widget__width-initial elementor-widget elementor-widget-text-editor\" data-id=\"5dcb14e\" data-element_type=\"widget\" data-e-type=\"widget\" data-widget_type=\"text-editor.default\">\n\t\t\t\t\t\t\t\t\t<p style=\"text-align: right;\"><span style=\"font-weight: 400;\">\u00ab\u00a0La paire se distingue du couple en ce qu&rsquo;elle ne marque pas une liaison fortuite et arbitraire (\u2026) mais la r\u00e9union constante et l&rsquo;accompagnement de deux choses qui pour l&rsquo;usage, vont n\u00e9cessairement ensemble<\/span><span style=\"font-weight: 400;\">.\u00bb<\/span><\/p><p style=\"text-align: right;\">\u00a0 \u00a0 \u00a0 \u00a0 \u00a0 \u00a0 \u00a0 \u00a0 \u00a0 \u00a0 \u00a0 \u00a0 \u00a0 \u00a0 Lafaye<\/p>\t\t\t\t\t\t\t\t<\/div>\n\t\t\t\t<div class=\"elementor-element elementor-element-7f6a661 elementor-widget elementor-widget-text-editor\" data-id=\"7f6a661\" data-element_type=\"widget\" data-e-type=\"widget\" data-widget_type=\"text-editor.default\">\n\t\t\t\t\t\t\t\t\t<p><i><span style=\"font-weight: 400;\">\u00ab Dans ce travail r\u00e9alis\u00e9 dans la Serra do Mar, for\u00eat atlantique br\u00e9silienne,<\/span><\/i><\/p><p><i><span style=\"font-weight: 400;\">je pr\u00e9sente un \u00e9cosyst\u00e8me<\/span><\/i> <i><span style=\"font-weight: 400;\">r\u00e9fl\u00e9chi, dupliqu\u00e9 et d\u00e9doubl\u00e9<\/span><\/i><\/p><p><i><span style=\"font-weight: 400;\">par son reflet dans l&rsquo;eau.<\/span><\/i><\/p><p><span style=\"font-weight: 400;\">\u00a0Il s\u2019agit d\u2019une r\u00e9flexion sur mon \u00ab \u00eatre au monde \u00bb.\u00a0<\/span><\/p><p><span style=\"font-weight: 400;\">\u00c0 travers ces images, je cherche \u00e0 montrer l&rsquo;alt\u00e9rit\u00e9 qui est au c\u0153ur de la notion <\/span><i><span style=\"font-weight: 400;\">du \u2018 soi \u2019. \u2018 Car elle d\u00e9finit l&rsquo;\u00eatre m\u00eame de la conscience. [\u2026]\u00a0<\/span><\/i><\/p><p><i><span style=\"font-weight: 400;\">Par nature (le soi) est un r\u00e9fl\u00e9chi, comme l&rsquo;indique assez la syntaxe et, en particulier, la rigueur logique de la syntaxe latine. (\u2026)\u00a0<\/span><\/i><\/p><p><i><span style=\"font-weight: 400;\">Le soi renvoie, mais il renvoie pr\u00e9cis\u00e9ment au sujet.\u00a0<\/span><\/i><\/p><p><i><span style=\"font-weight: 400;\">Il indique un rapport du sujet avec lui-m\u00eame <\/span><\/i> <span style=\"font-weight: 400;\">.\u00bb\u00a0<\/span><\/p><p><i><span style=\"font-weight: 400;\">&lsquo;Le soi&rsquo; est &lsquo;r\u00e9fl\u00e9chi et r\u00e9flexif&rsquo;.<\/span><\/i><\/p><p><i><span style=\"font-weight: 400;\">Il n&rsquo;a de sens sans l&rsquo;existence de l&rsquo;autre.<\/span><\/i><\/p><p><i><span style=\"font-weight: 400;\">Une relation du sujet \u00e0 lui-m\u00eame et une ouverture \u00e0 l&rsquo;autre<\/span><\/i><span style=\"font-weight: 400;\">. \u00bb<\/span><\/p>\t\t\t\t\t\t\t\t<\/div>\n\t\t\t\t<div class=\"elementor-element elementor-element-6bf44c9 elementor-widget elementor-widget-text-editor\" data-id=\"6bf44c9\" data-element_type=\"widget\" data-e-type=\"widget\" data-widget_type=\"text-editor.default\">\n\t\t\t\t\t\t\t\t\t<p>[1] <span style=\"font-weight: 400;\">Lafaye, <\/span><i><span style=\"font-weight: 400;\">Dictionnaire Des Synonymes De La Langue Fran\u00e7ais<\/span><\/i><span style=\"font-weight: 400;\">e, Paris, Hachette, 1858, p. 476.<\/span><br \/>[2] <span style=\"font-weight: 400;\">\u00a0Jean-Paul Sartre, <\/span><i><span style=\"font-weight: 400;\">L&rsquo;\u00catre et le N\u00e9ant, Essai d&rsquo;ontologie ph\u00e9nom\u00e9nologique<\/span><\/i><span style=\"font-weight: 400;\">, Paris, Gallimard, 1943, p. 118.<\/span><\/p>\t\t\t\t\t\t\t\t<\/div>\n\t\t\t\t<div class=\"elementor-element elementor-element-dc7fb39 elementor-align-center elementor-widget elementor-widget-button\" data-id=\"dc7fb39\" data-element_type=\"widget\" data-e-type=\"widget\" data-widget_type=\"button.default\">\n\t\t\t\t\t\t\t\t\t\t<a class=\"elementor-button elementor-button-link elementor-size-sm\" href=\"https:\/\/www.claudiarudge.com\/fr\/trabalho\/paire\/\" target=\"_blank\">\n\t\t\t\t\t\t<span class=\"elementor-button-content-wrapper\">\n\t\t\t\t\t\t\t\t\t<span class=\"elementor-button-text\">visuelles<\/span>\n\t\t\t\t\t<\/span>\n\t\t\t\t\t<\/a>\n\t\t\t\t\t\t\t\t<\/div>\n\t\t\t\t\t<\/div>\n\t\t\t\t<\/div>\n\t\t\t\t<\/div>\n\t\t","protected":false},"excerpt":{"rendered":"<p>paire,\u00a02013 photographie s\u00e9rie compos\u00e9e de 21 images tirage fine arts jet encre pigmentaire sur papier coton dimensions \u00e9gales ou sup\u00e9rieur \u00e0 140 x 210 cm \u00ab\u00a0La paire se distingue du couple en ce qu&rsquo;elle ne marque pas une liaison fortuite et arbitraire (\u2026) mais la r\u00e9union constante et l&rsquo;accompagnement de deux choses qui pour l&rsquo;usage, [&hellip;]<\/p>\n","protected":false},"menu_order":0,"comment_status":"closed","ping_status":"closed","template":"","format":"standard","meta":{"_acf_changed":false,"footnotes":""},"categories":[],"tags":[111],"class_list":["post-17110","texto","type-texto","status-publish","format-standard","hentry","tag-texte"],"acf":[],"_links":{"self":[{"href":"https:\/\/www.claudiarudge.com\/fr\/wp-json\/wp\/v2\/texto\/17110","targetHints":{"allow":["GET"]}}],"collection":[{"href":"https:\/\/www.claudiarudge.com\/fr\/wp-json\/wp\/v2\/texto"}],"about":[{"href":"https:\/\/www.claudiarudge.com\/fr\/wp-json\/wp\/v2\/types\/texto"}],"replies":[{"embeddable":true,"href":"https:\/\/www.claudiarudge.com\/fr\/wp-json\/wp\/v2\/comments?post=17110"}],"version-history":[{"count":25,"href":"https:\/\/www.claudiarudge.com\/fr\/wp-json\/wp\/v2\/texto\/17110\/revisions"}],"predecessor-version":[{"id":19466,"href":"https:\/\/www.claudiarudge.com\/fr\/wp-json\/wp\/v2\/texto\/17110\/revisions\/19466"}],"wp:attachment":[{"href":"https:\/\/www.claudiarudge.com\/fr\/wp-json\/wp\/v2\/media?parent=17110"}],"wp:term":[{"taxonomy":"category","embeddable":true,"href":"https:\/\/www.claudiarudge.com\/fr\/wp-json\/wp\/v2\/categories?post=17110"},{"taxonomy":"post_tag","embeddable":true,"href":"https:\/\/www.claudiarudge.com\/fr\/wp-json\/wp\/v2\/tags?post=17110"}],"curies":[{"name":"wp","href":"https:\/\/api.w.org\/{rel}","templated":true}]}}